{"id":1806,"date":"2016-03-03T03:34:03","date_gmt":"2016-03-03T02:34:03","guid":{"rendered":"https:\/\/stalag-moosburg.de\/?page_id=1806"},"modified":"2026-03-18T11:42:03","modified_gmt":"2026-03-18T10:42:03","slug":"fuehrungen","status":"publish","type":"page","link":"https:\/\/stalag-moosburg.de\/fr\/besucherinfo\/fuehrungen\/","title":{"rendered":"Contacts \/ Visites guid\u00e9es"},"content":{"rendered":"<p><div class=\"fusion-fullwidth fullwidth-box fusion-builder-row-1 fusion-flex-container nonhundred-percent-fullwidth non-hundred-percent-height-scrolling\" style=\"--awb-border-radius-top-left:0px;--awb-border-radius-top-right:0px;--awb-border-radius-bottom-right:0px;--awb-border-radius-bottom-left:0px;--awb-padding-top:0px;--awb-padding-bottom:0px;--awb-margin-bottom:0px;--awb-flex-wrap:wrap;\" ><div class=\"fusion-builder-row fusion-row fusion-flex-align-items-flex-start fusion-flex-content-wrap\" style=\"max-width:1216.8px;margin-left: calc(-4% \/ 2 );margin-right: calc(-4% \/ 2 );\"><div class=\"fusion-layout-column fusion_builder_column fusion-builder-column-0 fusion_builder_column_1_1 1_1 fusion-flex-column\" style=\"--awb-bg-size:cover;--awb-width-large:100%;--awb-margin-top-large:0px;--awb-spacing-right-large:1.92%;--awb-margin-bottom-large:20px;--awb-spacing-left-large:1.92%;--awb-width-medium:100%;--awb-order-medium:0;--awb-spacing-right-medium:1.92%;--awb-spacing-left-medium:1.92%;--awb-width-small:100%;--awb-order-small:0;--awb-spacing-right-small:1.92%;--awb-spacing-left-small:1.92%;\"><div class=\"fusion-column-wrapper fusion-column-has-shadow fusion-flex-justify-content-flex-start fusion-content-layout-column\"><div class=\"fusion-title title fusion-title-1 fusion-title-text fusion-title-size-one\" style=\"--awb-margin-top-small:0px;--awb-margin-right-small:0px;--awb-margin-bottom-small:20px;--awb-margin-left-small:0px;\"><div class=\"title-sep-container title-sep-container-left fusion-no-large-visibility fusion-no-medium-visibility fusion-no-small-visibility\"><div class=\"title-sep sep- sep-solid\" style=\"border-color:#e2e2e2;\"><\/div><\/div><span class=\"awb-title-spacer fusion-no-large-visibility fusion-no-medium-visibility fusion-no-small-visibility\"><\/span><h1 class=\"fusion-title-heading title-heading-left fusion-responsive-typography-calculated\" style=\"margin:0;--fontSize:40;line-height:1.2;\"><h1>Contacts \/ Visites guid\u00e9es<\/h1><\/h1><span class=\"awb-title-spacer\"><\/span><div class=\"title-sep-container title-sep-container-right\"><div class=\"title-sep sep- sep-solid\" style=\"border-color:#e2e2e2;\"><\/div><\/div><\/div><\/div><\/div><\/div><\/div><div class=\"fusion-fullwidth fullwidth-box fusion-builder-row-2 nonhundred-percent-fullwidth non-hundred-percent-height-scrolling\" style=\"--awb-background-position:left top;--awb-border-sizes-top:0px;--awb-border-sizes-bottom:0px;--awb-border-sizes-left:0px;--awb-border-sizes-right:0px;--awb-border-radius-top-left:0px;--awb-border-radius-top-right:0px;--awb-border-radius-bottom-right:0px;--awb-border-radius-bottom-left:0px;--awb-padding-top:0px;--awb-padding-bottom:0px;--awb-margin-bottom:0px;--awb-flex-wrap:wrap;\" ><div class=\"fusion-builder-row fusion-row\"><div class=\"fusion-layout-column fusion_builder_column fusion-builder-column-1 fusion_builder_column_1_1 1_1 fusion-one-full fusion-column-first fusion-column-last fusion-column-no-min-height\" style=\"--awb-bg-size:cover;--awb-margin-top:1px;--awb-margin-bottom:0px;\"><div class=\"fusion-column-wrapper fusion-flex-column-wrapper-legacy\"><div class=\"fusion-text fusion-text-1 fusion-menu\"><h2 class=\"\" style=\"--fontsize: 25; line-height: 1.2;\" data-fontsize=\"25\" data-lineheight=\"30px\">Demandes de renseignements<\/h2>\n<p class=\"translation-block\">Nous sommes heureux de r\u00e9pondre \u00e0 vos questions dans le cadre des possibilit\u00e9s b\u00e9n\u00e9voles de l\u2019association. Malheureusement, nous ne disposons g\u00e9n\u00e9ralement pas d'informations sur les destins personnels, car les dossiers individuels ont \u00e9t\u00e9 confisqu\u00e9s apr\u00e8s la guerre et transmis aux pays d'origine. Vous pourrez peut-\u00eatre obtenir des informations suppl\u00e9mentaires <a href=\"https:\/\/stalag-moosburg.de\/fr\/dokumentationen\/archive\/\" target=\"_self\">aupr\u00e8s des archives r\u00e9pertori\u00e9es ici.<\/a><\/p>\n<h2 class=\"\" style=\"--fontsize: 25; line-height: 1.2;\" data-fontsize=\"25\" data-lineheight=\"30px\">Rundg\u00e4nge<\/h2>\n<p>F\u00fcr Angeh\u00f6rige und interessierte Personen bieten wir nach vorheriger Absprache gerne Rundg\u00e4nge an, auch in englischer und franz\u00f6sischer Sprache. <span style=\"background-color: rgba(0, 0, 0, 0);\">Der Rundgang umfasst die Erinnerungsorte in der Neustadt (ehemaliges <b>Lagergel\u00e4nde<\/b>) sowie einen Besuch der Gedenkst\u00e4tte Oberreit (ehemaliger <b>Lagerfriedhof<\/b>). Auf Wunsch organisieren wir zudem einen Termin in den <b>Museen<\/b>. Dauer: ca. 2\u20133 Stunden. Unsere ehrenamtlich begleiteten Rundg\u00e4nge sind kostenlos; \u00fcber Spenden freuen wir uns.<\/span><\/p>\n<blockquote>\n<p class=\"translation-block\"><a style=\"font-style : normal\" href=\"https:\/\/stalag-moosburg.de\/fr\/verein\/kontakt\/\" target=\"_self\">consulter notre <strong>page de contact<\/strong> pour nous joindre.<\/a><\/p>\n<\/blockquote>\n<\/div><div class=\"fusion-text fusion-text-2 fusion-menu\"><p class=\"translation-block\">Pour les <b>visites individuelles des mus\u00e9es<\/b>, veuillez consulter les horaires d'ouverture ou contacter les directeurs des mus\u00e9es.<\/p>\n<blockquote>\n<p class=\"translation-block\"><a style=\"font-style : normal\" href=\"https:\/\/stalag-moosburg.de\/fr\/besucherinfo\/gedenkorte-museen\/#spr_Museen\" target=\"_self\">Pour un contact direct avec les <b>mus\u00e9es<\/b>, cliquez ici.<\/a><\/p>\n<\/blockquote>\n<\/div><div class=\"fusion-text fusion-text-3\"><h2 class=\"fusion-responsive-typography-calculated\" style=\"--fontsize: 25; line-height: 1.2;\" data-fontsize=\"25\" data-lineheight=\"30px\">Archives municipales<\/h2>\n<p class=\"translation-block\">Les archives municipales de la ville de Moosburg accueillent volontiers dans leur fonds des <b>souvenirs<\/b> et des <b>documents<\/b> datant de l'\u00e9poque du camp, qui se trouvent parfois encore dans des successions. Les archives conservent ces pi\u00e8ces pour la pr\u00e9servation historique des t\u00e9moignages contemporains et les mettent \u00e0 disposition pour des expositions ou des recherches.<\/p>\n<p>Stadt Moosburg a.d. Isar<br \/>\nArchives municipales<br \/>\nStadtplatz 13<br \/>\n85368 Moosburg<\/p>\n<p>Stadtarchivar Stephan Kopp<br \/>\n<a href=\"tel:+49876168471\">08761 684-71<\/a><br \/>\n<a href=\"mailto:archiv@moosburg.de\">archiv@moosburg.de<\/a><\/p>\n<\/div><div class=\"fusion-clearfix\"><\/div><\/div><\/div><\/div><\/div><\/p>","protected":false},"excerpt":{"rendered":"","protected":false},"author":3,"featured_media":0,"parent":3693,"menu_order":15,"comment_status":"closed","ping_status":"closed","template":"","meta":{"footnotes":""},"class_list":["post-1806","page","type-page","status-publish","hentry"],"yoast_head":"<!-- This site is optimized with the Yoast SEO plugin v27.4 - https:\/\/yoast.com\/product\/yoast-seo-wordpress\/ -->\n<title>Kontakte \/ F\u00fchrungen - Stalag Moosburg e.V.<\/title>\n<meta name=\"robots\" content=\"index, follow, max-snippet:-1, max-image-preview:large, max-video-preview:-1\" \/>\n<link rel=\"canonical\" href=\"https:\/\/stalag-moosburg.de\/fr\/besucherinfo\/fuehrungen\/\" \/>\n<meta property=\"og:locale\" content=\"fr_FR\" \/>\n<meta property=\"og:type\" content=\"article\" \/>\n<meta property=\"og:title\" content=\"Kontakte \/ F\u00fchrungen - Stalag Moosburg e.V.\" \/>\n<meta property=\"og:url\" content=\"https:\/\/stalag-moosburg.de\/fr\/besucherinfo\/fuehrungen\/\" \/>\n<meta property=\"og:site_name\" content=\"Stalag Moosburg e.V.\" \/>\n<meta property=\"article:publisher\" content=\"https:\/\/www.facebook.com\/stalag.moosburg\" \/>\n<meta property=\"article:modified_time\" content=\"2026-03-18T10:42:03+00:00\" \/>\n<meta name=\"twitter:card\" content=\"summary_large_image\" \/>\n<meta name=\"twitter:label1\" content=\"Dur\u00e9e de lecture estim\u00e9e\" \/>\n\t<meta name=\"twitter:data1\" content=\"2 minutes\" \/>\n<script type=\"application\/ld+json\" class=\"yoast-schema-graph\">{\"@context\":\"https:\\\/\\\/schema.org\",\"@graph\":[{\"@type\":\"WebPage\",\"@id\":\"https:\\\/\\\/stalag-moosburg.de\\\/besucherinfo\\\/fuehrungen\\\/\",\"url\":\"https:\\\/\\\/stalag-moosburg.de\\\/besucherinfo\\\/fuehrungen\\\/\",\"name\":\"Kontakte \\\/ F\u00fchrungen - Stalag Moosburg e.V.\",\"isPartOf\":{\"@id\":\"https:\\\/\\\/stalag-moosburg.de\\\/#website\"},\"datePublished\":\"2016-03-03T02:34:03+00:00\",\"dateModified\":\"2026-03-18T10:42:03+00:00\",\"breadcrumb\":{\"@id\":\"https:\\\/\\\/stalag-moosburg.de\\\/besucherinfo\\\/fuehrungen\\\/#breadcrumb\"},\"inLanguage\":\"fr-FR\",\"potentialAction\":[{\"@type\":\"ReadAction\",\"target\":[\"https:\\\/\\\/stalag-moosburg.de\\\/besucherinfo\\\/fuehrungen\\\/\"]}]},{\"@type\":\"BreadcrumbList\",\"@id\":\"https:\\\/\\\/stalag-moosburg.de\\\/besucherinfo\\\/fuehrungen\\\/#breadcrumb\",\"itemListElement\":[{\"@type\":\"ListItem\",\"position\":1,\"name\":\"Home\",\"item\":\"https:\\\/\\\/stalag-moosburg.de\\\/\"},{\"@type\":\"ListItem\",\"position\":2,\"name\":\"Besucherinfo\",\"item\":\"https:\\\/\\\/stalag-moosburg.de\\\/besucherinfo\\\/\"},{\"@type\":\"ListItem\",\"position\":3,\"name\":\"Kontakte \\\/ F\u00fchrungen\"}]},{\"@type\":\"WebSite\",\"@id\":\"https:\\\/\\\/stalag-moosburg.de\\\/#website\",\"url\":\"https:\\\/\\\/stalag-moosburg.de\\\/\",\"name\":\"Stalag Moosburg e.V.\",\"description\":\"Verein zur F\u00f6rderung interkultureller Begegnung\",\"publisher\":{\"@id\":\"https:\\\/\\\/stalag-moosburg.de\\\/#organization\"},\"potentialAction\":[{\"@type\":\"SearchAction\",\"target\":{\"@type\":\"EntryPoint\",\"urlTemplate\":\"https:\\\/\\\/stalag-moosburg.de\\\/?s={search_term_string}\"},\"query-input\":{\"@type\":\"PropertyValueSpecification\",\"valueRequired\":true,\"valueName\":\"search_term_string\"}}],\"inLanguage\":\"fr-FR\"},{\"@type\":\"Organization\",\"@id\":\"https:\\\/\\\/stalag-moosburg.de\\\/#organization\",\"name\":\"Stalag Moosburg e.V.\",\"url\":\"https:\\\/\\\/stalag-moosburg.de\\\/\",\"logo\":{\"@type\":\"ImageObject\",\"inLanguage\":\"fr-FR\",\"@id\":\"https:\\\/\\\/stalag-moosburg.de\\\/#\\\/schema\\\/logo\\\/image\\\/\",\"url\":\"https:\\\/\\\/stalag-moosburg.de\\\/wp-content\\\/uploads\\\/2021\\\/04\\\/Logo-Stalag-Verein-Rechteck.jpg\",\"contentUrl\":\"https:\\\/\\\/stalag-moosburg.de\\\/wp-content\\\/uploads\\\/2021\\\/04\\\/Logo-Stalag-Verein-Rechteck.jpg\",\"width\":1074,\"height\":960,\"caption\":\"Stalag Moosburg e.V.\"},\"image\":{\"@id\":\"https:\\\/\\\/stalag-moosburg.de\\\/#\\\/schema\\\/logo\\\/image\\\/\"},\"sameAs\":[\"https:\\\/\\\/www.facebook.com\\\/stalag.moosburg\"]}]}<\/script>\n<!-- \/ Yoast SEO plugin. -->","yoast_head_json":{"title":"Kontakte \/ F\u00fchrungen - Stalag Moosburg e.V.","robots":{"index":"index","follow":"follow","max-snippet":"max-snippet:-1","max-image-preview":"max-image-preview:large","max-video-preview":"max-video-preview:-1"},"canonical":"https:\/\/stalag-moosburg.de\/fr\/besucherinfo\/fuehrungen\/","og_locale":"fr_FR","og_type":"article","og_title":"Kontakte \/ F\u00fchrungen - Stalag Moosburg e.V.","og_url":"https:\/\/stalag-moosburg.de\/fr\/besucherinfo\/fuehrungen\/","og_site_name":"Stalag Moosburg e.V.","article_publisher":"https:\/\/www.facebook.com\/stalag.moosburg","article_modified_time":"2026-03-18T10:42:03+00:00","twitter_card":"summary_large_image","twitter_misc":{"Dur\u00e9e de lecture estim\u00e9e":"2 minutes"},"schema":{"@context":"https:\/\/schema.org","@graph":[{"@type":"WebPage","@id":"https:\/\/stalag-moosburg.de\/besucherinfo\/fuehrungen\/","url":"https:\/\/stalag-moosburg.de\/besucherinfo\/fuehrungen\/","name":"Kontakte \/ F\u00fchrungen - Stalag Moosburg e.V.","isPartOf":{"@id":"https:\/\/stalag-moosburg.de\/#website"},"datePublished":"2016-03-03T02:34:03+00:00","dateModified":"2026-03-18T10:42:03+00:00","breadcrumb":{"@id":"https:\/\/stalag-moosburg.de\/besucherinfo\/fuehrungen\/#breadcrumb"},"inLanguage":"fr-FR","potentialAction":[{"@type":"ReadAction","target":["https:\/\/stalag-moosburg.de\/besucherinfo\/fuehrungen\/"]}]},{"@type":"BreadcrumbList","@id":"https:\/\/stalag-moosburg.de\/besucherinfo\/fuehrungen\/#breadcrumb","itemListElement":[{"@type":"ListItem","position":1,"name":"Home","item":"https:\/\/stalag-moosburg.de\/"},{"@type":"ListItem","position":2,"name":"Besucherinfo","item":"https:\/\/stalag-moosburg.de\/besucherinfo\/"},{"@type":"ListItem","position":3,"name":"Kontakte \/ F\u00fchrungen"}]},{"@type":"WebSite","@id":"https:\/\/stalag-moosburg.de\/#website","url":"https:\/\/stalag-moosburg.de\/","name":"Stalag Moosburg e.V.","description":"Verein zur F\u00f6rderung interkultureller Begegnung","publisher":{"@id":"https:\/\/stalag-moosburg.de\/#organization"},"potentialAction":[{"@type":"SearchAction","target":{"@type":"EntryPoint","urlTemplate":"https:\/\/stalag-moosburg.de\/?s={search_term_string}"},"query-input":{"@type":"PropertyValueSpecification","valueRequired":true,"valueName":"search_term_string"}}],"inLanguage":"fr-FR"},{"@type":"Organization","@id":"https:\/\/stalag-moosburg.de\/#organization","name":"Stalag Moosburg e.V.","url":"https:\/\/stalag-moosburg.de\/","logo":{"@type":"ImageObject","inLanguage":"fr-FR","@id":"https:\/\/stalag-moosburg.de\/#\/schema\/logo\/image\/","url":"https:\/\/stalag-moosburg.de\/wp-content\/uploads\/2021\/04\/Logo-Stalag-Verein-Rechteck.jpg","contentUrl":"https:\/\/stalag-moosburg.de\/wp-content\/uploads\/2021\/04\/Logo-Stalag-Verein-Rechteck.jpg","width":1074,"height":960,"caption":"Stalag Moosburg e.V."},"image":{"@id":"https:\/\/stalag-moosburg.de\/#\/schema\/logo\/image\/"},"sameAs":["https:\/\/www.facebook.com\/stalag.moosburg"]}]}},"_links":{"self":[{"href":"https:\/\/stalag-moosburg.de\/fr\/wp-json\/wp\/v2\/pages\/1806","targetHints":{"allow":["GET"]}}],"collection":[{"href":"https:\/\/stalag-moosburg.de\/fr\/wp-json\/wp\/v2\/pages"}],"about":[{"href":"https:\/\/stalag-moosburg.de\/fr\/wp-json\/wp\/v2\/types\/page"}],"author":[{"embeddable":true,"href":"https:\/\/stalag-moosburg.de\/fr\/wp-json\/wp\/v2\/users\/3"}],"replies":[{"embeddable":true,"href":"https:\/\/stalag-moosburg.de\/fr\/wp-json\/wp\/v2\/comments?post=1806"}],"version-history":[{"count":99,"href":"https:\/\/stalag-moosburg.de\/fr\/wp-json\/wp\/v2\/pages\/1806\/revisions"}],"predecessor-version":[{"id":11913,"href":"https:\/\/stalag-moosburg.de\/fr\/wp-json\/wp\/v2\/pages\/1806\/revisions\/11913"}],"up":[{"embeddable":true,"href":"https:\/\/stalag-moosburg.de\/fr\/wp-json\/wp\/v2\/pages\/3693"}],"wp:attachment":[{"href":"https:\/\/stalag-moosburg.de\/fr\/wp-json\/wp\/v2\/media?parent=1806"}],"curies":[{"name":"wp","href":"https:\/\/api.w.org\/{rel}","templated":true}]}}