{"id":7875,"date":"2022-03-06T14:04:50","date_gmt":"2022-03-06T13:04:50","guid":{"rendered":"https:\/\/stalag-moosburg.de\/?page_id=7875"},"modified":"2026-04-06T12:21:59","modified_gmt":"2026-04-06T10:21:59","slug":"notizen","status":"publish","type":"page","link":"https:\/\/stalag-moosburg.de\/en\/verein\/mitgliederbereich\/notizen\/","title":{"rendered":"Notizen f\u00fcrs Editieren"},"content":{"rendered":"<p><div class=\"fusion-fullwidth fullwidth-box fusion-builder-row-1 fusion-flex-container nonhundred-percent-fullwidth non-hundred-percent-height-scrolling\" style=\"--awb-border-radius-top-left:0px;--awb-border-radius-top-right:0px;--awb-border-radius-bottom-right:0px;--awb-border-radius-bottom-left:0px;--awb-flex-wrap:wrap;\" ><div class=\"fusion-builder-row fusion-row fusion-flex-align-items-flex-start fusion-flex-content-wrap\" style=\"max-width:1216.8px;margin-left: calc(-4% \/ 2 );margin-right: calc(-4% \/ 2 );\"><div class=\"fusion-layout-column fusion_builder_column fusion-builder-column-0 fusion_builder_column_1_1 1_1 fusion-flex-column\" style=\"--awb-bg-size:cover;--awb-width-large:100%;--awb-margin-top-large:0px;--awb-spacing-right-large:1.92%;--awb-margin-bottom-large:20px;--awb-spacing-left-large:1.92%;--awb-width-medium:100%;--awb-order-medium:0;--awb-spacing-right-medium:1.92%;--awb-spacing-left-medium:1.92%;--awb-width-small:100%;--awb-order-small:0;--awb-spacing-right-small:1.92%;--awb-spacing-left-small:1.92%;\"><div class=\"fusion-column-wrapper fusion-column-has-shadow fusion-flex-justify-content-flex-start fusion-content-layout-column\"><div class=\"fusion-text fusion-text-1\" style=\"--awb-text-transform:none;\"><h1>Editor-Notizen<\/h1>\n<\/div><\/div><\/div><\/div><\/div><div class=\"fusion-fullwidth fullwidth-box fusion-builder-row-2 fusion-flex-container has-pattern-background has-mask-background nonhundred-percent-fullwidth non-hundred-percent-height-scrolling\" style=\"--awb-border-radius-top-left:0px;--awb-border-radius-top-right:0px;--awb-border-radius-bottom-right:0px;--awb-border-radius-bottom-left:0px;--awb-flex-wrap:wrap;\" ><div class=\"fusion-builder-row fusion-row fusion-flex-align-items-flex-start fusion-flex-content-wrap\" style=\"max-width:1216.8px;margin-left: calc(-4% \/ 2 );margin-right: calc(-4% \/ 2 );\"><div class=\"fusion-layout-column fusion_builder_column fusion-builder-column-1 fusion_builder_column_1_1 1_1 fusion-flex-column\" style=\"--awb-bg-size:cover;--awb-width-large:100%;--awb-margin-top-large:0px;--awb-spacing-right-large:1.92%;--awb-margin-bottom-large:20px;--awb-spacing-left-large:1.92%;--awb-width-medium:100%;--awb-order-medium:0;--awb-spacing-right-medium:1.92%;--awb-spacing-left-medium:1.92%;--awb-width-small:100%;--awb-order-small:0;--awb-spacing-right-small:1.92%;--awb-spacing-left-small:1.92%;\"><div class=\"fusion-column-wrapper fusion-column-has-shadow fusion-flex-justify-content-flex-start fusion-content-layout-column\"><div class=\"fusion-text fusion-text-2\" style=\"--awb-text-transform:none;\"><h2>Reihenfolge der Spalten f\u00fcr Responsive festlegen:<\/h2>\n<ul>\n<li>Spalte editieren \/ Design \/ responsive &#8222;Handy&#8220; oder &#8222;Tablet&#8220; einschalten \/ Order -&gt; hier die Nummer der Reihenfolge innerhalb des Containers festlegen<\/li>\n<\/ul>\n<\/div><\/div><\/div><\/div><\/div><div class=\"fusion-fullwidth fullwidth-box fusion-builder-row-3 fusion-flex-container nonhundred-percent-fullwidth non-hundred-percent-height-scrolling\" style=\"--awb-border-radius-top-left:0px;--awb-border-radius-top-right:0px;--awb-border-radius-bottom-right:0px;--awb-border-radius-bottom-left:0px;--awb-flex-wrap:wrap;\" ><div class=\"fusion-builder-row fusion-row fusion-flex-align-items-flex-start fusion-flex-content-wrap\" style=\"max-width:1216.8px;margin-left: calc(-4% \/ 2 );margin-right: calc(-4% \/ 2 );\"><div class=\"fusion-layout-column fusion_builder_column fusion-builder-column-2 fusion_builder_column_1_1 1_1 fusion-flex-column\" style=\"--awb-bg-size:cover;--awb-width-large:100%;--awb-margin-top-large:0px;--awb-spacing-right-large:1.92%;--awb-margin-bottom-large:20px;--awb-spacing-left-large:1.92%;--awb-width-medium:100%;--awb-order-medium:0;--awb-spacing-right-medium:1.92%;--awb-spacing-left-medium:1.92%;--awb-width-small:100%;--awb-order-small:0;--awb-spacing-right-small:1.92%;--awb-spacing-left-small:1.92%;\"><div class=\"fusion-column-wrapper fusion-column-has-shadow fusion-flex-justify-content-flex-start fusion-content-layout-column\"><div class=\"fusion-text fusion-text-3\" style=\"--awb-text-transform:none;\"><h2>Sprung auf Container<\/h2>\n<ol>\n<li>Der Anker als Ziel wird z.B. in den Container-Einstellungen definiert<\/li>\n<li>Der Link auf den Anker lautet,\u00a0 #ankername auf der gleichen Seite, bzw. https:\/\/&#8230;..#ankername auf einer anderen Seite.<\/li>\n<li>Dem Element (oder der \u00fcbergeordnete Container), das den Link enth\u00e4lt, wird in den Einstellungen die CSS class \u201cfusion-menu\u201d zugewiesen.<\/li>\n<\/ol>\n<p>Die class \u201cfusion-menu\u201d enth\u00e4lt offenbar eine Vorschrift f\u00fcr smooth scrolling sowie bereits eine Vorschrift f\u00fcr einen Abstand genau zum Rand des Headers. Wo das definiert wird, ist mir nicht bekannt.<\/p>\n<h2>Sprung auf Textstelle<\/h2>\n<ol>\n<li>Im Editor auf html umschalten<\/li>\n<li>Anker (Sprungziel) vor der gew\u00fcnschten Textstelle definieren: z.B. <a>id=&#8220;anker&#8220;<\/a><\/li>\n<li>Wie oben. Dem Element (oder der \u00fcbergeordnete Container), das den Link enth\u00e4lt, wird in den Einstellungen die CSS class \u201cfusion-menu\u201d zugewiesen.<\/li>\n<\/ol>\n<p>Siehe auch hier: <a href=\"https:\/\/wordpress.com\/de\/support\/inhalte-aufteilen\/sprungmarken\/\" target=\"_blank\" rel=\"noopener\">https:\/\/wordpress.com\/de\/support\/inhalte-aufteilen\/sprungmarken\/<\/a><\/p>\n<\/div><\/div><\/div><\/div><\/div><div class=\"fusion-fullwidth fullwidth-box fusion-builder-row-4 fusion-flex-container has-pattern-background has-mask-background nonhundred-percent-fullwidth non-hundred-percent-height-scrolling\" style=\"--awb-border-radius-top-left:0px;--awb-border-radius-top-right:0px;--awb-border-radius-bottom-right:0px;--awb-border-radius-bottom-left:0px;--awb-flex-wrap:wrap;\" ><div class=\"fusion-builder-row fusion-row fusion-flex-align-items-flex-start fusion-flex-content-wrap\" style=\"max-width:1216.8px;margin-left: calc(-4% \/ 2 );margin-right: calc(-4% \/ 2 );\"><div class=\"fusion-layout-column fusion_builder_column fusion-builder-column-3 fusion_builder_column_1_1 1_1 fusion-flex-column\" style=\"--awb-bg-size:cover;--awb-width-large:100%;--awb-margin-top-large:0px;--awb-spacing-right-large:1.92%;--awb-margin-bottom-large:20px;--awb-spacing-left-large:1.92%;--awb-width-medium:100%;--awb-order-medium:0;--awb-spacing-right-medium:1.92%;--awb-spacing-left-medium:1.92%;--awb-width-small:100%;--awb-order-small:0;--awb-spacing-right-small:1.92%;--awb-spacing-left-small:1.92%;\"><div class=\"fusion-column-wrapper fusion-column-has-shadow fusion-flex-justify-content-flex-start fusion-content-layout-column\"><div class=\"fusion-text fusion-text-4\"><h2 class=\"fusion-responsive-typography-calculated\" data-fontsize=\"25\" data-lineheight=\"30px\" style=\"--fontSize: 25; line-height: 1.2;\">Men\u00fcs<\/h2>\n<p>Das <strong>Hauptmen\u00fc<\/strong> ist unter <em>Design \/ Men\u00fcs <\/em>definiert<\/p>\n<p>Das <strong>Seitenmen\u00fc<\/strong> der Hauptseiten ist unter <em>Design \/ Widgets<\/em> als <em>Sidebar<\/em> definiert.<br \/>\nDas da verwendete <em>Vertical Men\u00fc<\/em> zeigt alle Men\u00fcebenen so wie sie in der Seitenaufstellung (!) definiert sind. Wichtig: Die Anordnung ist unabh\u00e4ngig von der unter <em>Design\/Men\u00fc <\/em>f\u00fcr die obere Men\u00fcleiste festgelegten Eintr\u00e4ge! Falls eine dritte Men\u00fcebene ben\u00f6tigt wird, ist dies jedoch optisch unsch\u00f6n und kann nur \u00fcber ein <em>Custom Men\u00fc <\/em>unterdr\u00fcckt werden, was aber eine andere Formatierung bewirkt. <strong>Work-around<\/strong>: Nur mit 2 Ebenen arbeiten und ggf. die dritte Ebene als Seite ohne \u00fcbergeordnete Seite anlegen.<\/p>\n<p>Das <strong>Blog-Seitenmen\u00fc<\/strong> ist unter <em>Design \/ Widgets <\/em>als <em>Blog Seitenleiste<\/em> definiert.<\/p>\n<\/div><\/div><\/div><\/div><\/div><\/p>","protected":false},"excerpt":{"rendered":"","protected":false},"author":3,"featured_media":0,"parent":5171,"menu_order":27,"comment_status":"closed","ping_status":"closed","template":"","meta":{"footnotes":""},"class_list":["post-7875","page","type-page","status-publish","hentry"],"yoast_head":"<!-- This site is optimized with the Yoast SEO plugin v27.5 - https:\/\/yoast.com\/product\/yoast-seo-wordpress\/ -->\n<title>Notizen f\u00fcrs Editieren - Stalag Moosburg e.V.<\/title>\n<meta name=\"robots\" content=\"index, follow, max-snippet:-1, max-image-preview:large, max-video-preview:-1\" \/>\n<link rel=\"canonical\" href=\"https:\/\/stalag-moosburg.de\/en\/verein\/mitgliederbereich\/notizen\/\" \/>\n<meta property=\"og:locale\" content=\"en_US\" \/>\n<meta property=\"og:type\" content=\"article\" \/>\n<meta property=\"og:title\" content=\"Notizen f\u00fcrs Editieren - Stalag Moosburg e.V.\" \/>\n<meta property=\"og:url\" content=\"https:\/\/stalag-moosburg.de\/en\/verein\/mitgliederbereich\/notizen\/\" \/>\n<meta property=\"og:site_name\" content=\"Stalag Moosburg e.V.\" \/>\n<meta property=\"article:publisher\" content=\"https:\/\/www.facebook.com\/stalag.moosburg\" \/>\n<meta property=\"article:modified_time\" content=\"2026-04-06T10:21:59+00:00\" \/>\n<meta name=\"twitter:card\" content=\"summary_large_image\" \/>\n<meta name=\"twitter:label1\" content=\"Est. reading time\" \/>\n\t<meta name=\"twitter:data1\" content=\"2 minutes\" \/>\n<script type=\"application\/ld+json\" class=\"yoast-schema-graph\">{\"@context\":\"https:\\\/\\\/schema.org\",\"@graph\":[{\"@type\":\"WebPage\",\"@id\":\"https:\\\/\\\/stalag-moosburg.de\\\/verein\\\/mitgliederbereich\\\/notizen\\\/\",\"url\":\"https:\\\/\\\/stalag-moosburg.de\\\/verein\\\/mitgliederbereich\\\/notizen\\\/\",\"name\":\"Notizen f\u00fcrs Editieren - Stalag Moosburg e.V.\",\"isPartOf\":{\"@id\":\"https:\\\/\\\/stalag-moosburg.de\\\/#website\"},\"datePublished\":\"2022-03-06T13:04:50+00:00\",\"dateModified\":\"2026-04-06T10:21:59+00:00\",\"breadcrumb\":{\"@id\":\"https:\\\/\\\/stalag-moosburg.de\\\/verein\\\/mitgliederbereich\\\/notizen\\\/#breadcrumb\"},\"inLanguage\":\"en-US\",\"potentialAction\":[{\"@type\":\"ReadAction\",\"target\":[\"https:\\\/\\\/stalag-moosburg.de\\\/verein\\\/mitgliederbereich\\\/notizen\\\/\"]}]},{\"@type\":\"BreadcrumbList\",\"@id\":\"https:\\\/\\\/stalag-moosburg.de\\\/verein\\\/mitgliederbereich\\\/notizen\\\/#breadcrumb\",\"itemListElement\":[{\"@type\":\"ListItem\",\"position\":1,\"name\":\"Home\",\"item\":\"https:\\\/\\\/stalag-moosburg.de\\\/\"},{\"@type\":\"ListItem\",\"position\":2,\"name\":\"Verein\",\"item\":\"https:\\\/\\\/stalag-moosburg.de\\\/verein\\\/\"},{\"@type\":\"ListItem\",\"position\":3,\"name\":\"Mitgliederbereich\",\"item\":\"https:\\\/\\\/stalag-moosburg.de\\\/?page_id=5171\"},{\"@type\":\"ListItem\",\"position\":4,\"name\":\"Notizen f\u00fcrs Editieren\"}]},{\"@type\":\"WebSite\",\"@id\":\"https:\\\/\\\/stalag-moosburg.de\\\/#website\",\"url\":\"https:\\\/\\\/stalag-moosburg.de\\\/\",\"name\":\"Stalag Moosburg e.V.\",\"description\":\"Verein zur F\u00f6rderung interkultureller Begegnung\",\"publisher\":{\"@id\":\"https:\\\/\\\/stalag-moosburg.de\\\/#organization\"},\"potentialAction\":[{\"@type\":\"SearchAction\",\"target\":{\"@type\":\"EntryPoint\",\"urlTemplate\":\"https:\\\/\\\/stalag-moosburg.de\\\/?s={search_term_string}\"},\"query-input\":{\"@type\":\"PropertyValueSpecification\",\"valueRequired\":true,\"valueName\":\"search_term_string\"}}],\"inLanguage\":\"en-US\"},{\"@type\":\"Organization\",\"@id\":\"https:\\\/\\\/stalag-moosburg.de\\\/#organization\",\"name\":\"Stalag Moosburg e.V.\",\"url\":\"https:\\\/\\\/stalag-moosburg.de\\\/\",\"logo\":{\"@type\":\"ImageObject\",\"inLanguage\":\"en-US\",\"@id\":\"https:\\\/\\\/stalag-moosburg.de\\\/#\\\/schema\\\/logo\\\/image\\\/\",\"url\":\"https:\\\/\\\/stalag-moosburg.de\\\/wp-content\\\/uploads\\\/2021\\\/04\\\/Logo-Stalag-Verein-Rechteck.jpg\",\"contentUrl\":\"https:\\\/\\\/stalag-moosburg.de\\\/wp-content\\\/uploads\\\/2021\\\/04\\\/Logo-Stalag-Verein-Rechteck.jpg\",\"width\":1074,\"height\":960,\"caption\":\"Stalag Moosburg e.V.\"},\"image\":{\"@id\":\"https:\\\/\\\/stalag-moosburg.de\\\/#\\\/schema\\\/logo\\\/image\\\/\"},\"sameAs\":[\"https:\\\/\\\/www.facebook.com\\\/stalag.moosburg\"]}]}<\/script>\n<!-- \/ Yoast SEO plugin. -->","yoast_head_json":{"title":"Notizen f\u00fcrs Editieren - Stalag Moosburg e.V.","robots":{"index":"index","follow":"follow","max-snippet":"max-snippet:-1","max-image-preview":"max-image-preview:large","max-video-preview":"max-video-preview:-1"},"canonical":"https:\/\/stalag-moosburg.de\/en\/verein\/mitgliederbereich\/notizen\/","og_locale":"en_US","og_type":"article","og_title":"Notizen f\u00fcrs Editieren - Stalag Moosburg e.V.","og_url":"https:\/\/stalag-moosburg.de\/en\/verein\/mitgliederbereich\/notizen\/","og_site_name":"Stalag Moosburg e.V.","article_publisher":"https:\/\/www.facebook.com\/stalag.moosburg","article_modified_time":"2026-04-06T10:21:59+00:00","twitter_card":"summary_large_image","twitter_misc":{"Est. reading time":"2 minutes"},"schema":{"@context":"https:\/\/schema.org","@graph":[{"@type":"WebPage","@id":"https:\/\/stalag-moosburg.de\/verein\/mitgliederbereich\/notizen\/","url":"https:\/\/stalag-moosburg.de\/verein\/mitgliederbereich\/notizen\/","name":"Notizen f\u00fcrs Editieren - Stalag Moosburg e.V.","isPartOf":{"@id":"https:\/\/stalag-moosburg.de\/#website"},"datePublished":"2022-03-06T13:04:50+00:00","dateModified":"2026-04-06T10:21:59+00:00","breadcrumb":{"@id":"https:\/\/stalag-moosburg.de\/verein\/mitgliederbereich\/notizen\/#breadcrumb"},"inLanguage":"en-US","potentialAction":[{"@type":"ReadAction","target":["https:\/\/stalag-moosburg.de\/verein\/mitgliederbereich\/notizen\/"]}]},{"@type":"BreadcrumbList","@id":"https:\/\/stalag-moosburg.de\/verein\/mitgliederbereich\/notizen\/#breadcrumb","itemListElement":[{"@type":"ListItem","position":1,"name":"Home","item":"https:\/\/stalag-moosburg.de\/"},{"@type":"ListItem","position":2,"name":"Verein","item":"https:\/\/stalag-moosburg.de\/verein\/"},{"@type":"ListItem","position":3,"name":"Mitgliederbereich","item":"https:\/\/stalag-moosburg.de\/?page_id=5171"},{"@type":"ListItem","position":4,"name":"Notizen f\u00fcrs Editieren"}]},{"@type":"WebSite","@id":"https:\/\/stalag-moosburg.de\/#website","url":"https:\/\/stalag-moosburg.de\/","name":"Stalag Moosburg e.V.","description":"Verein zur F\u00f6rderung interkultureller Begegnung","publisher":{"@id":"https:\/\/stalag-moosburg.de\/#organization"},"potentialAction":[{"@type":"SearchAction","target":{"@type":"EntryPoint","urlTemplate":"https:\/\/stalag-moosburg.de\/?s={search_term_string}"},"query-input":{"@type":"PropertyValueSpecification","valueRequired":true,"valueName":"search_term_string"}}],"inLanguage":"en-US"},{"@type":"Organization","@id":"https:\/\/stalag-moosburg.de\/#organization","name":"Stalag Moosburg e.V.","url":"https:\/\/stalag-moosburg.de\/","logo":{"@type":"ImageObject","inLanguage":"en-US","@id":"https:\/\/stalag-moosburg.de\/#\/schema\/logo\/image\/","url":"https:\/\/stalag-moosburg.de\/wp-content\/uploads\/2021\/04\/Logo-Stalag-Verein-Rechteck.jpg","contentUrl":"https:\/\/stalag-moosburg.de\/wp-content\/uploads\/2021\/04\/Logo-Stalag-Verein-Rechteck.jpg","width":1074,"height":960,"caption":"Stalag Moosburg e.V."},"image":{"@id":"https:\/\/stalag-moosburg.de\/#\/schema\/logo\/image\/"},"sameAs":["https:\/\/www.facebook.com\/stalag.moosburg"]}]}},"_links":{"self":[{"href":"https:\/\/stalag-moosburg.de\/en\/wp-json\/wp\/v2\/pages\/7875","targetHints":{"allow":["GET"]}}],"collection":[{"href":"https:\/\/stalag-moosburg.de\/en\/wp-json\/wp\/v2\/pages"}],"about":[{"href":"https:\/\/stalag-moosburg.de\/en\/wp-json\/wp\/v2\/types\/page"}],"author":[{"embeddable":true,"href":"https:\/\/stalag-moosburg.de\/en\/wp-json\/wp\/v2\/users\/3"}],"replies":[{"embeddable":true,"href":"https:\/\/stalag-moosburg.de\/en\/wp-json\/wp\/v2\/comments?post=7875"}],"version-history":[{"count":23,"href":"https:\/\/stalag-moosburg.de\/en\/wp-json\/wp\/v2\/pages\/7875\/revisions"}],"predecessor-version":[{"id":11644,"href":"https:\/\/stalag-moosburg.de\/en\/wp-json\/wp\/v2\/pages\/7875\/revisions\/11644"}],"up":[{"embeddable":true,"href":"https:\/\/stalag-moosburg.de\/en\/wp-json\/wp\/v2\/pages\/5171"}],"wp:attachment":[{"href":"https:\/\/stalag-moosburg.de\/en\/wp-json\/wp\/v2\/media?parent=7875"}],"curies":[{"name":"wp","href":"https:\/\/api.w.org\/{rel}","templated":true}]}}